{"id":628,"date":"2021-10-20T18:15:08","date_gmt":"2021-10-20T14:15:08","guid":{"rendered":"http:\/\/lodfill.fr\/?page_id=628"},"modified":"2023-02-06T23:56:21","modified_gmt":"2023-02-06T19:56:21","slug":"prince-des-patures","status":"publish","type":"page","link":"http:\/\/lodfill.fr\/?page_id=628","title":{"rendered":"Teat Saret- Princes des P\u00e2tures"},"content":{"rendered":"\n<p>Ann\u00e9e de production : 2022<\/p>\n\n\n\n<p>Nom : Princes des P\u00e2tures<br>Type : documentaire de cr\u00e9ation <\/p>\n\n\n\n<p>Dur\u00e9e : 52 minutes<br>Auteur\/r\u00e9alisateur  Cyril Portanelli <\/p>\n\n\n\n<p>Co-production : R\u00e9union Premi\u00e8re <\/p>\n\n\n\n<p>Diffuseur : R\u00e9union Premi\u00e8re<\/p>\n\n\n\n<p><\/p>\n\n\n\n<p>1\u00e8re diffusion : 22 f\u00e9vrier 2023- Collection \u00ab\u00a0Archipels\u00a0\u00bb R\u00e9union 1\u00e8re<\/p>\n\n\n\n<p>R\u00e9sum\u00e9 : Ce film suit l\u2019envers du d\u00e9cor d\u2019une tourn\u00e9e de saltimbanques en charrette, sur les routes de l\u2019\u00eele Intense. Un th\u00e9\u00e2tre vagabond et musical qui met en sc\u00e8ne la parole paysanne, leurs difficult\u00e9s, fiert\u00e9s, r\u00e9voltes et espoirs.<\/p>\n\n\n\n<p>La rencontre de deux mondes engag\u00e9s pour nourrir nos corps et nos esprits, dans une soci\u00e9t\u00e9 qui n\u2019a plus trop les pieds sur terre. Un message humain, universel et interg\u00e9n\u00e9rationnel pour semer des graines de conscience et se rappeler l\u2019importance d\u2019o\u00f9 l\u2019on vient&#8230;<\/p>\n\n\n\n<figure class=\"wp-block-image size-full is-resized\"><img loading=\"lazy\" decoding=\"async\" src=\"http:\/\/lodfill.fr\/wp-content\/uploads\/2023\/02\/Affiche-2023.png\" alt=\"\" class=\"wp-image-646\" width=\"282\" height=\"399\" srcset=\"http:\/\/lodfill.fr\/wp-content\/uploads\/2023\/02\/Affiche-2023.png 1126w, http:\/\/lodfill.fr\/wp-content\/uploads\/2023\/02\/Affiche-2023-106x150.png 106w, http:\/\/lodfill.fr\/wp-content\/uploads\/2023\/02\/Affiche-2023-768x1089.png 768w, http:\/\/lodfill.fr\/wp-content\/uploads\/2023\/02\/Affiche-2023-1084x1536.png 1084w, http:\/\/lodfill.fr\/wp-content\/uploads\/2023\/02\/Affiche-2023-212x300.png 212w\" sizes=\"(max-width: 282px) 100vw, 282px\" \/><\/figure>\n","protected":false},"excerpt":{"rendered":"<p>Ann\u00e9e de production : 2022 Nom : Princes des P\u00e2turesType : documentaire de cr\u00e9ation Dur\u00e9e : 52 minutesAuteur\/r\u00e9alisateur Cyril Portanelli Co-production : R\u00e9union Premi\u00e8re Diffuseur &hellip;<\/p>\n","protected":false},"author":1,"featured_media":497,"parent":156,"menu_order":1,"comment_status":"closed","ping_status":"closed","template":"","meta":{"footnotes":""},"_links":{"self":[{"href":"http:\/\/lodfill.fr\/index.php?rest_route=\/wp\/v2\/pages\/628"}],"collection":[{"href":"http:\/\/lodfill.fr\/index.php?rest_route=\/wp\/v2\/pages"}],"about":[{"href":"http:\/\/lodfill.fr\/index.php?rest_route=\/wp\/v2\/types\/page"}],"author":[{"embeddable":true,"href":"http:\/\/lodfill.fr\/index.php?rest_route=\/wp\/v2\/users\/1"}],"replies":[{"embeddable":true,"href":"http:\/\/lodfill.fr\/index.php?rest_route=%2Fwp%2Fv2%2Fcomments&post=628"}],"version-history":[{"count":6,"href":"http:\/\/lodfill.fr\/index.php?rest_route=\/wp\/v2\/pages\/628\/revisions"}],"predecessor-version":[{"id":652,"href":"http:\/\/lodfill.fr\/index.php?rest_route=\/wp\/v2\/pages\/628\/revisions\/652"}],"up":[{"embeddable":true,"href":"http:\/\/lodfill.fr\/index.php?rest_route=\/wp\/v2\/pages\/156"}],"wp:featuredmedia":[{"embeddable":true,"href":"http:\/\/lodfill.fr\/index.php?rest_route=\/wp\/v2\/media\/497"}],"wp:attachment":[{"href":"http:\/\/lodfill.fr\/index.php?rest_route=%2Fwp%2Fv2%2Fmedia&parent=628"}],"curies":[{"name":"wp","href":"https:\/\/api.w.org\/{rel}","templated":true}]}}